{"id":7611,"date":"2020-09-03T11:53:10","date_gmt":"2020-09-03T09:53:10","guid":{"rendered":"https:\/\/docs.reybex.com\/?post_type=manual_kb&#038;p=7611"},"modified":"2021-05-12T00:37:21","modified_gmt":"2021-05-11T22:37:21","slug":"aras-kargo-entegrasyon-ayarlari","status":"publish","type":"manual_kb","link":"https:\/\/docs.reybex.com\/tr\/kb\/aras-kargo-entegrasyon-ayarlari\/","title":{"rendered":"Aras Kargo Entegrasyon Ayarlar\u0131"},"content":{"rendered":"\n<p>1. reybex kargo entegrasyonu i\u00e7in yap\u0131lmas\u0131 gereken ayarlar a\u015fa\u011f\u0131da ki gibidir.<\/p>\n\n\n\n<ol type=\"1\"><li>\u0130lk olarak \u201c omp01 Online Sat\u0131\u015f Kanallar\u0131 \u201d transaksiyonundan sa\u011f b\u00f6l\u00fcmde yer alan \u201c Kargo entegrasyonu kullan \u201c kutucu\u011fu i\u015faretlemeliyiz. ( Bu alan Hepsiburada i\u00e7in ge\u00e7erli de\u011fildir. )<\/li><\/ol>\n\n\n\n<figure class=\"wp-block-image size-large\"><img loading=\"lazy\" decoding=\"async\" width=\"1024\" height=\"326\" src=\"https:\/\/docs.reybex.com\/wp-content\/uploads\/2021\/05\/image-1024x326.png\" alt=\"\" class=\"wp-image-10582\" srcset=\"https:\/\/docs.reybex.com\/wp-content\/uploads\/2021\/05\/image-1024x326.png 1024w, https:\/\/docs.reybex.com\/wp-content\/uploads\/2021\/05\/image-300x96.png 300w, https:\/\/docs.reybex.com\/wp-content\/uploads\/2021\/05\/image-768x245.png 768w, https:\/\/docs.reybex.com\/wp-content\/uploads\/2021\/05\/image.png 1394w\" sizes=\"(max-width: 1024px) 100vw, 1024px\" \/><\/figure>\n\n\n\n<p>1.2 \u201c Bas01 Destek Tablolar\u0131 -> Nakliye -> Kargo firmas\u0131 \u201c ile ula\u015faca\u011f\u0131n\u0131z bu listede \u201cAras kargo \u201c ayarlar\u0131 i\u00e7in ye\u015fil alan i\u00e7erisine al\u0131nan sat\u0131r\u0131n en sol b\u00f6l\u00fcm\u00fcnde bulunan g\u00fcncelleme butonuna bas\u0131n\u0131z.<\/p>\n\n\n\n<figure class=\"wp-block-image size-large\"><img loading=\"lazy\" decoding=\"async\" width=\"1024\" height=\"384\" src=\"https:\/\/docs.reybex.com\/wp-content\/uploads\/2021\/05\/image-1-1024x384.png\" alt=\"\" class=\"wp-image-10586\" srcset=\"https:\/\/docs.reybex.com\/wp-content\/uploads\/2021\/05\/image-1-1024x384.png 1024w, https:\/\/docs.reybex.com\/wp-content\/uploads\/2021\/05\/image-1-300x113.png 300w, https:\/\/docs.reybex.com\/wp-content\/uploads\/2021\/05\/image-1-768x288.png 768w, https:\/\/docs.reybex.com\/wp-content\/uploads\/2021\/05\/image-1-1536x576.png 1536w, https:\/\/docs.reybex.com\/wp-content\/uploads\/2021\/05\/image-1.png 1900w\" sizes=\"(max-width: 1024px) 100vw, 1024px\" \/><\/figure>\n\n\n\n<figure class=\"wp-block-image size-large\"><img loading=\"lazy\" decoding=\"async\" width=\"1024\" height=\"403\" src=\"https:\/\/docs.reybex.com\/wp-content\/uploads\/2021\/05\/image-3-1024x403.png\" alt=\"\" class=\"wp-image-10592\" srcset=\"https:\/\/docs.reybex.com\/wp-content\/uploads\/2021\/05\/image-3-1024x403.png 1024w, https:\/\/docs.reybex.com\/wp-content\/uploads\/2021\/05\/image-3-300x118.png 300w, https:\/\/docs.reybex.com\/wp-content\/uploads\/2021\/05\/image-3-768x302.png 768w, https:\/\/docs.reybex.com\/wp-content\/uploads\/2021\/05\/image-3.png 1534w\" sizes=\"(max-width: 1024px) 100vw, 1024px\" \/><\/figure>\n\n\n\n<p>A\u00e7\u0131lan ekranda \u00f6nemli noktalar i\u015faretlendirilmi\u015ftir.<\/p>\n\n\n\n<ol type=\"1\"><li>integrationType; 0 ise \u2018 Aktif \u2018&nbsp; olmad\u0131\u011f\u0131n\u0131, 1 ise reybex taraf\u0131ndan dizayn edilen kargo etiketi ile bas\u0131laca\u011f\u0131, 2 ise Aras kargo taraf\u0131ndan gelen kargo etiketi ile bas\u0131laca\u011f\u0131 anlamlar\u0131na gelir.<\/li><li>Test ortam\u0131 kutucu\u011fu sadece Test ortam\u0131 kullanmak i\u00e7in i\u015faretli olmal\u0131d\u0131r. ( Test i\u00e7in gerekli bilgiler d\u00f6k\u00fcman\u0131n sonundad\u0131r )<\/li><li>Aras kargo entegrasyon \u015eifre alan\u0131.<\/li><li>Aras kargo entegrasyon Kullan\u0131c\u0131 Ad\u0131 alan\u0131.<\/li><\/ol>\n\n\n\n<p>Bu 4 nokta haricinde di\u011fer alanlar ayn\u0131 \u015fekilde kalmal\u0131d\u0131r.<\/p>\n\n\n\n<p>1.3 \u201c Bas01 Destek Tablolar\u0131 -> Nakliye -> Kargo Tipleri E-Ticaret \u201c ile ula\u015faca\u011f\u0131n\u0131z bu listede \u201cAras kargo \u201c ayarlar\u0131 i\u00e7in 4 ile i\u015faretlenmi\u015f \u201c+\u201c ekleme butonuna basarak Kargo Tipi eklenmeli.<\/p>\n\n\n\n<figure class=\"wp-block-image size-large\"><img loading=\"lazy\" decoding=\"async\" width=\"1024\" height=\"274\" src=\"https:\/\/docs.reybex.com\/wp-content\/uploads\/2021\/05\/image-4-1024x274.png\" alt=\"\" class=\"wp-image-10597\" srcset=\"https:\/\/docs.reybex.com\/wp-content\/uploads\/2021\/05\/image-4-1024x274.png 1024w, https:\/\/docs.reybex.com\/wp-content\/uploads\/2021\/05\/image-4-300x80.png 300w, https:\/\/docs.reybex.com\/wp-content\/uploads\/2021\/05\/image-4-768x206.png 768w, https:\/\/docs.reybex.com\/wp-content\/uploads\/2021\/05\/image-4-1536x411.png 1536w, https:\/\/docs.reybex.com\/wp-content\/uploads\/2021\/05\/image-4.png 1565w\" sizes=\"(max-width: 1024px) 100vw, 1024px\" \/><\/figure>\n\n\n\n<p>5 ile i\u015faretli olan butona t\u0131klayarak olu\u015fturdu\u011funuz kay\u0131tlarda g\u00fcncelleme yapabilirsiniz.<\/p>\n\n\n\n<p>Yeni Kay\u0131t Olu\u015ftur ekran\u0131 a\u015fa\u011f\u0131daki gibidir.<\/p>\n\n\n\n<figure class=\"wp-block-image size-large\"><img loading=\"lazy\" decoding=\"async\" width=\"1024\" height=\"502\" src=\"https:\/\/docs.reybex.com\/wp-content\/uploads\/2021\/05\/image-5.png\" alt=\"\" class=\"wp-image-10600\" srcset=\"https:\/\/docs.reybex.com\/wp-content\/uploads\/2021\/05\/image-5.png 1024w, https:\/\/docs.reybex.com\/wp-content\/uploads\/2021\/05\/image-5-300x147.png 300w, https:\/\/docs.reybex.com\/wp-content\/uploads\/2021\/05\/image-5-768x377.png 768w\" sizes=\"(max-width: 1024px) 100vw, 1024px\" \/><\/figure>\n\n\n\n<ol type=\"1\"><li>Kargo Firmas\u0131 : Aras Kargo<\/li><li>Aktif : \u0130\u015faretli<\/li><li>Varsay\u0131lan A\u011f\u0131rl\u0131k : 2<\/li><li>\u0130sim( G\u00f6nderim \u015fekli ) : Aras Standart<\/li><li>Kaydet butonu ile kayd\u0131 tamamlay\u0131n<\/li><\/ol>\n\n\n\n<p>Alanlar\u0131n\u0131n girilmesi gereklidir.<\/p>\n\n\n\n<p>1.4 Bu ayarlar\u0131n Kargo Etiketi alaca\u011f\u0131m\u0131z belge tipleri i\u00e7in tan\u0131ml\u0131 olmas\u0131 gerekmektedir. Bu durum iste\u011fe ba\u011fl\u0131 olarak herhangi bir belge tipinde uygulan\u0131r. A\u015fa\u011f\u0131da \u00f6rnek bir belge tipi i\u00e7in ( \u0130rsaliye Fatura ) ad\u0131mlar\u0131n ekran g\u00f6r\u00fcnt\u00fcleri mevcuttur.<\/p>\n\n\n\n<figure class=\"wp-block-image size-large is-resized\"><img loading=\"lazy\" decoding=\"async\" src=\"https:\/\/docs.reybex.com\/wp-content\/uploads\/2021\/05\/image-6-1024x453.png\" alt=\"\" class=\"wp-image-10603\" width=\"580\" height=\"256\" srcset=\"https:\/\/docs.reybex.com\/wp-content\/uploads\/2021\/05\/image-6-1024x453.png 1024w, https:\/\/docs.reybex.com\/wp-content\/uploads\/2021\/05\/image-6-300x133.png 300w, https:\/\/docs.reybex.com\/wp-content\/uploads\/2021\/05\/image-6-768x339.png 768w, https:\/\/docs.reybex.com\/wp-content\/uploads\/2021\/05\/image-6-1536x679.png 1536w, https:\/\/docs.reybex.com\/wp-content\/uploads\/2021\/05\/image-6.png 1679w\" sizes=\"(max-width: 580px) 100vw, 580px\" \/><\/figure>\n\n\n\n<p>\u201c Bas01 Destek Tablolar\u0131 -> Sat\u0131\u015f -> Sat\u0131\u015f Belge Tipi \u201c \u0130stenilen belge tipini se\u00e7ip 5 ile i\u015faretlenen g\u00fcncelleme butonuna t\u0131klamal\u0131s\u0131n\u0131z. A\u00e7\u0131lan ekran a\u015fa\u011f\u0131dad\u0131r.<\/p>\n\n\n\n<figure class=\"wp-block-image size-large\"><img loading=\"lazy\" decoding=\"async\" width=\"1001\" height=\"452\" src=\"https:\/\/docs.reybex.com\/wp-content\/uploads\/2021\/05\/image-7.png\" alt=\"\" class=\"wp-image-10606\" srcset=\"https:\/\/docs.reybex.com\/wp-content\/uploads\/2021\/05\/image-7.png 1001w, https:\/\/docs.reybex.com\/wp-content\/uploads\/2021\/05\/image-7-300x135.png 300w, https:\/\/docs.reybex.com\/wp-content\/uploads\/2021\/05\/image-7-768x347.png 768w\" sizes=\"(max-width: 1001px) 100vw, 1001px\" \/><\/figure>\n\n\n\n<figure class=\"wp-block-image size-large\"><img loading=\"lazy\" decoding=\"async\" width=\"751\" height=\"554\" src=\"https:\/\/docs.reybex.com\/wp-content\/uploads\/2021\/05\/image-8.png\" alt=\"\" class=\"wp-image-10609\" srcset=\"https:\/\/docs.reybex.com\/wp-content\/uploads\/2021\/05\/image-8.png 751w, https:\/\/docs.reybex.com\/wp-content\/uploads\/2021\/05\/image-8-300x221.png 300w\" sizes=\"(max-width: 751px) 100vw, 751px\" \/><\/figure>\n\n\n\n<p>Kargo Etiketi hangi belgede bast\u0131r\u0131labilecek bunun ayar\u0131 i\u00e7in; a\u00e7\u0131lan ekranda orta b\u00f6l\u00fcmde yer alan\u00a0\u00a0\u00a0\u00a0\u00a0\u00a0\u00a0\u00a0\u00a0\u00a0\u00a0 \u201c Fatura \u201c kutucu\u011funun i\u015faretli olmas\u0131 gerekli.<\/p>\n\n\n\n<p>2. Etiketi yazd\u0131rma a\u015famalar\u0131 a\u015fa\u011f\u0131daki gibidir.<\/p>\n\n\n\n<p>2.1 Ayarlar tamamland\u0131ktan sonra, etiket bast\u0131rmaya uygun olan sipari\u015fler belli s\u00fcrelerle ( bir job\u2019a ba\u011fl\u0131 olarak) etiket durumlar\u0131n\u0131 Aras Kargo ile etkile\u015fim halinde olur.<\/p>\n\n\n\n<figure class=\"wp-block-image size-large\"><img loading=\"lazy\" decoding=\"async\" width=\"1024\" height=\"353\" src=\"https:\/\/docs.reybex.com\/wp-content\/uploads\/2020\/09\/77-1-1024x353.png\" alt=\"\" class=\"wp-image-7640\" srcset=\"https:\/\/docs.reybex.com\/wp-content\/uploads\/2020\/09\/77-1-1024x353.png 1024w, https:\/\/docs.reybex.com\/wp-content\/uploads\/2020\/09\/77-1-300x103.png 300w, https:\/\/docs.reybex.com\/wp-content\/uploads\/2020\/09\/77-1-768x265.png 768w, https:\/\/docs.reybex.com\/wp-content\/uploads\/2020\/09\/77-1.png 1032w\" sizes=\"(max-width: 1024px) 100vw, 1024px\" \/><\/figure>\n\n\n\n<p>\u201c Sal05 Sat\u0131\u015f Belgeleri \u201c ekran\u0131ndan ula\u015ft\u0131\u011f\u0131m\u0131z bu listede 1.4\u2019teki ayarlamalara binaen irsaliye faturalar yukar\u0131da ki ekran g\u00f6r\u00fcnt\u00fcs\u00fcyle etiket basmaya haz\u0131r oldu\u011funu veya daha bir etiket iste\u011fi gitmedi\u011fini anlayabiliriz.<\/p>\n\n\n\n<p>\u2018Sipari\u015f durumu\u2019 kolonunda hangi faturalar\u0131n etiket bas\u0131labilece\u011fi veya daha i\u015flem yap\u0131lmad\u0131\u011f\u0131n\u0131 g\u00f6rebiliriz. E\u011fer \u201c Zur Lieferung bereit \u201c ifadesi varsa etiketin bas\u0131labilece\u011fi anlam\u0131na gelir.<\/p>\n\n\n\n<p>\u201c Waiting for confirmation \u201c ifadesi varsa; faturan\u0131n etiket iste\u011fi i\u00e7in Aras taraf\u0131na ula\u015ft\u0131rd\u0131\u011f\u0131n\u0131 ifade eder ve bu ifade belli bir s\u00fcre sonra \u201c Zur Lieferung bereit \u201c olarak de\u011fi\u015fir, b\u00f6ylece etiket \u00e7\u0131kt\u0131s\u0131 al\u0131nabilir.<\/p>\n\n\n\n<p>E\u011fer ifade bo\u015f ise bunun iki sebebi vard\u0131r.<\/p>\n\n\n\n<ol type=\"1\"><li>Yeni olu\u015fan bir faturad\u0131r ve bir sonraki job \u00e7al\u0131\u015f\u0131m\u0131nda gelebilecektir.<\/li><li>E\u011fer fatura etiket i\u00e7in uygun de\u011filse ifade bo\u015f kal\u0131r;<ol><li>Faturalar yak\u0131n tarihte olmal\u0131d\u0131r. ( en ge\u00e7 2 g\u00fcn \u00f6ncesi i\u00e7in Job \u00e7al\u0131\u015f\u0131r )<\/li><\/ol><\/li><\/ol>\n\n\n\n<figure class=\"wp-block-image size-large\"><img loading=\"lazy\" decoding=\"async\" width=\"787\" height=\"298\" src=\"https:\/\/docs.reybex.com\/wp-content\/uploads\/2021\/05\/image-12.png\" alt=\"\" class=\"wp-image-10621\" srcset=\"https:\/\/docs.reybex.com\/wp-content\/uploads\/2021\/05\/image-12.png 787w, https:\/\/docs.reybex.com\/wp-content\/uploads\/2021\/05\/image-12-300x114.png 300w, https:\/\/docs.reybex.com\/wp-content\/uploads\/2021\/05\/image-12-768x291.png 768w\" sizes=\"(max-width: 787px) 100vw, 787px\" \/><\/figure>\n\n\n\n<p>Sipari\u015fin i\u00e7erisindeki Belge Tarihi k\u0131sm\u0131ndan tarihi yak\u0131na \u00e7ekebilirsiniz.<\/p>\n\n\n\n<figure class=\"wp-block-image size-large\"><img loading=\"lazy\" decoding=\"async\" width=\"1024\" height=\"295\" src=\"https:\/\/docs.reybex.com\/wp-content\/uploads\/2021\/05\/image-10-1024x295.png\" alt=\"\" class=\"wp-image-10615\" srcset=\"https:\/\/docs.reybex.com\/wp-content\/uploads\/2021\/05\/image-10-1024x295.png 1024w, https:\/\/docs.reybex.com\/wp-content\/uploads\/2021\/05\/image-10-300x86.png 300w, https:\/\/docs.reybex.com\/wp-content\/uploads\/2021\/05\/image-10-768x221.png 768w, https:\/\/docs.reybex.com\/wp-content\/uploads\/2021\/05\/image-10.png 1174w\" sizes=\"(max-width: 1024px) 100vw, 1024px\" \/><\/figure>\n\n\n\n<p>Fatura i\u00e7erisindeki \u201cDurum\u201d k\u0131sm\u0131nda 1 ile i\u015faretlenmi\u015f ye\u015fil alanlar\u0131n Aras Kargoya g\u00f6re dolu olmas\u0131 gerekiyor. Nakliye: Aras, Kargo firmas\u0131: Aras Kargo, \u00dcr\u00fcn: Aras Standart<\/p>\n\n\n\n<p>E\u011fer Fatura n11 taraf\u0131ndan gelen Sipari\u015ften olu\u015fturulduysa 2 numaral\u0131 alanda yer alan \u201cKargo: Ma\u011faza \u00d6der \u201c olmas\u0131 gerek.<\/p>\n\n\n\n<p>2.2 Etiketi yazd\u0131rma<\/p>\n\n\n\n<figure class=\"wp-block-image size-large\"><img loading=\"lazy\" decoding=\"async\" width=\"646\" height=\"287\" src=\"https:\/\/docs.reybex.com\/wp-content\/uploads\/2021\/05\/image-13.png\" alt=\"\" class=\"wp-image-10624\" srcset=\"https:\/\/docs.reybex.com\/wp-content\/uploads\/2021\/05\/image-13.png 646w, https:\/\/docs.reybex.com\/wp-content\/uploads\/2021\/05\/image-13-300x133.png 300w\" sizes=\"(max-width: 646px) 100vw, 646px\" \/><\/figure>\n\n\n\n<p>Etiketi yazd\u0131rmak istedi\u011fimiz belgeyi se\u00e7erek 2 ile i\u015faretlenmi\u015f olan \u201c G\u00f6nder \u201c butonuna t\u0131klad\u0131ktan sonra a\u00e7\u0131lan ekran a\u015fa\u011f\u0131dad\u0131r.( \u00c7oklu fatura se\u00e7imi de yapabiliriz )<\/p>\n\n\n\n<figure class=\"wp-block-image size-large\"><img loading=\"lazy\" decoding=\"async\" width=\"734\" height=\"652\" src=\"https:\/\/docs.reybex.com\/wp-content\/uploads\/2021\/05\/image-14.png\" alt=\"\" class=\"wp-image-10627\" srcset=\"https:\/\/docs.reybex.com\/wp-content\/uploads\/2021\/05\/image-14.png 734w, https:\/\/docs.reybex.com\/wp-content\/uploads\/2021\/05\/image-14-300x266.png 300w\" sizes=\"(max-width: 734px) 100vw, 734px\" \/><\/figure>\n\n\n\n<p>A\u00e7\u0131lan ekranda \u201cEtiketi Olu\u015ftur \u201c kutucu\u011funu i\u015faretleyip OK butonuna basarak etiket \u00e7\u0131kt\u0131s\u0131n\u0131 alabiliriz.<\/p>\n","protected":false},"author":18,"featured_media":0,"parent":0,"menu_order":0,"template":"","format":"standard","manualknowledgebasecat":[8610,8611],"manual_kb_tag":[],"_links":{"self":[{"href":"https:\/\/docs.reybex.com\/tr\/wp-json\/wp\/v2\/manual_kb\/7611"}],"collection":[{"href":"https:\/\/docs.reybex.com\/tr\/wp-json\/wp\/v2\/manual_kb"}],"about":[{"href":"https:\/\/docs.reybex.com\/tr\/wp-json\/wp\/v2\/types\/manual_kb"}],"author":[{"embeddable":true,"href":"https:\/\/docs.reybex.com\/tr\/wp-json\/wp\/v2\/users\/18"}],"version-history":[{"count":3,"href":"https:\/\/docs.reybex.com\/tr\/wp-json\/wp\/v2\/manual_kb\/7611\/revisions"}],"predecessor-version":[{"id":10630,"href":"https:\/\/docs.reybex.com\/tr\/wp-json\/wp\/v2\/manual_kb\/7611\/revisions\/10630"}],"wp:attachment":[{"href":"https:\/\/docs.reybex.com\/tr\/wp-json\/wp\/v2\/media?parent=7611"}],"wp:term":[{"taxonomy":"manualknowledgebasecat","embeddable":true,"href":"https:\/\/docs.reybex.com\/tr\/wp-json\/wp\/v2\/manualknowledgebasecat?post=7611"},{"taxonomy":"manual_kb_tag","embeddable":true,"href":"https:\/\/docs.reybex.com\/tr\/wp-json\/wp\/v2\/manual_kb_tag?post=7611"}],"curies":[{"name":"wp","href":"https:\/\/api.w.org\/{rel}","templated":true}]}}